{"id":2,"date":"2012-05-16T11:29:11","date_gmt":"2012-05-16T11:29:11","guid":{"rendered":"http:\/\/www.vallespir.cat\/?page_id=2"},"modified":"2025-04-04T09:45:10","modified_gmt":"2025-04-04T07:45:10","slug":"pagina-exemple","status":"publish","type":"page","link":"https:\/\/vallespir.cat\/?page_id=2","title":{"rendered":"Qui som?"},"content":{"rendered":"<p><strong>El CCCV<\/strong> <strong>(Centre Cultural Catal\u00e0 del Vallespir)<\/strong> creat al maig de 2004, defensa i promou la llengua i cultura catalanes amb la publicaci\u00f3 i difusi\u00f3 de la revista Vallespir, les classes gratu\u00eftes de catal\u00e0, l\u2019actualitzaci\u00f3 del portal inform\u00e0tic, i la CAT&#8217;FESTA, la gran festa anual transfronterera del Vallespir. Amb aquestes accions, el CCCV contribueix a fer con\u00e8ixer les associacions culturals catalanes i a difondre llurs activitats.<\/p>\n<p align=\"center\"><strong>CONSELL D\u2019ADMINISTRACI\u00d3 (2025-2027)<\/strong><\/p>\n<p>Miquel Arnaudies \u2013 <strong>President <\/strong>(Enraonem, Ceret)<\/p>\n<p>Ma Rose Bouisset \u2013 <strong>Vice-presidenta<\/strong> (Festes de l\u2019Os, Alt Vallespir)<\/p>\n<p>Patrick Bernard \u2013 <strong>Tresorer <\/strong>(Reiners)<\/p>\n<p>Montserrat Cail\u00e0 \u2013 <strong>Vice-tresorera<\/strong> (Reiners Patrimoni Cultural)<\/p>\n<p>Jean-Paul Escudero \u2013 <strong>Secretari<\/strong> (Reiners Patrimoni Cultural)<\/p>\n<p>Suzanne Sors \u2013 <strong>Vice-secret\u00e0ria<\/strong> (Reiners)<\/p>\n<p>&nbsp;<\/p>\n<p>Montse Ayats (Enraonem, Ceret)<\/p>\n<p>Andreu Balent (Protecci\u00f3 del Patrimoni de la Vall de Querol)<\/p>\n<p>Herv\u00e9 Bazia (Escola de Catal\u00e0 del Vol\u00f3)<\/p>\n<p>Renat Buscato\u00a0 (Goig dels Ous, Ceret)<\/p>\n<p>Pierre Descossy (Peu Alegre, Sant Lloren\u00e7 de Cerdans)<\/p>\n<p>Joan Iglesias (Enraonem, Ceret)<\/p>\n<p>Enric Loreto (Salvaguarda de St Guillem de Combret, Arles, el Tec)<\/p>\n<p>Magali Mas Ferrari (Agermanament Reiners-Ma\u00e7anet)<\/p>\n<p>Llu\u00eds Mir\u00f3 (Barcelona, Leca)<\/p>\n<p>Serge Mont\u00e9mont (Collegi de Ceret)<\/p>\n<p>Janine Sicre (Cistells i Banastes)<\/p>\n<p>Teresa Sinyol (Figueres)<\/p>\n<p>&nbsp;<\/p>\n<p style=\"text-align: center;\"><strong>MEMBRES HONORARIS<\/strong><\/p>\n<p>Gentil Puig-Moreno \u2013 President<\/p>\n<p>Miquela Falgueres (Sant Lloren\u00e7 de Cerdans)<\/p>\n","protected":false},"excerpt":{"rendered":"<p>El CCCV (Centre Cultural Catal\u00e0 del Vallespir) creat al maig de 2004, defensa i promou la llengua i cultura catalanes amb la publicaci\u00f3 i difusi\u00f3 de la revista Vallespir, les classes gratu\u00eftes de catal\u00e0, l\u2019actualitzaci\u00f3 del portal inform\u00e0tic, i la CAT&#8217;FESTA, la gran festa anual transfronterera del Vallespir. Amb aquestes accions, el CCCV contribueix a [&hellip;]<\/p>\n","protected":false},"author":1,"featured_media":0,"parent":0,"menu_order":0,"comment_status":"open","ping_status":"open","template":"","meta":{"footnotes":""},"class_list":["post-2","page","type-page","status-publish","hentry"],"_links":{"self":[{"href":"https:\/\/vallespir.cat\/index.php?rest_route=\/wp\/v2\/pages\/2","targetHints":{"allow":["GET"]}}],"collection":[{"href":"https:\/\/vallespir.cat\/index.php?rest_route=\/wp\/v2\/pages"}],"about":[{"href":"https:\/\/vallespir.cat\/index.php?rest_route=\/wp\/v2\/types\/page"}],"author":[{"embeddable":true,"href":"https:\/\/vallespir.cat\/index.php?rest_route=\/wp\/v2\/users\/1"}],"replies":[{"embeddable":true,"href":"https:\/\/vallespir.cat\/index.php?rest_route=%2Fwp%2Fv2%2Fcomments&post=2"}],"version-history":[{"count":18,"href":"https:\/\/vallespir.cat\/index.php?rest_route=\/wp\/v2\/pages\/2\/revisions"}],"predecessor-version":[{"id":618,"href":"https:\/\/vallespir.cat\/index.php?rest_route=\/wp\/v2\/pages\/2\/revisions\/618"}],"wp:attachment":[{"href":"https:\/\/vallespir.cat\/index.php?rest_route=%2Fwp%2Fv2%2Fmedia&parent=2"}],"curies":[{"name":"wp","href":"https:\/\/api.w.org\/{rel}","templated":true}]}}