{"id":35,"date":"2012-05-21T12:57:47","date_gmt":"2012-05-21T10:57:47","guid":{"rendered":"http:\/\/www.vallespir.cat\/?page_id=35"},"modified":"2025-12-22T10:13:56","modified_gmt":"2025-12-22T09:13:56","slug":"documents","status":"publish","type":"page","link":"https:\/\/vallespir.cat\/?page_id=35","title":{"rendered":"Documents"},"content":{"rendered":"<ul>\n<li><a href=\"http:\/\/www.vallespir.cat\/wp-content\/uploads\/2025\/04\/acta_2025.pdf\" target=\"_blank\">Acta de l\u2019assemblea general del CCCV 2025<\/a><\/li>\n<li><a href=\"http:\/\/www.vallespir.cat\/wp-content\/uploads\/2025\/04\/acta_2024.pdf\" target=\"_blank\">Acta de l\u2019assemblea general del CCCV 2024<\/a><\/li>\n<li><a href=\"http:\/\/www.vallespir.cat\/wp-content\/uploads\/2025\/04\/acta_2023.pdf\" target=\"_blank\">Acta de l\u2019assemblea general del CCCV 2023<\/a><\/li>\n<li><a href=\"http:\/\/www.vallespir.cat\/wp-content\/uploads\/2025\/12\/ccvv_nous_statuts_2025.pdf\" target=\"_blank\">Estatuts del CCCV<\/a><\/li>\n<li><a href=\"http:\/\/www.vallespir.cat\/wp-content\/uploads\/2022\/05\/acta_ag_marc_2022_bilan_2021.pdf\" target=\"_blank\">Acta de l\u2019assemblea general del CCCV 2022<\/a><\/li>\n<li><a href=\"http:\/\/www.vallespir.cat\/wp-content\/uploads\/2021\/10\/acta_2020.pdf\" target=\"_blank\">Acta de l\u2019assemblea general del CCCV 2021<\/a><\/li>\n<li><a href=\"http:\/\/www.vallespir.cat\/wp-content\/uploads\/2021\/10\/acta_2019.pdf\" target=\"_blank\">Acta de l\u2019assemblea general del CCCV 2020<\/a><\/li>\n<li><a href=\"http:\/\/www.vallespir.cat\/wp-content\/uploads\/2019\/04\/acta_ag_2018_febrer_2019.pdf\" target=\"_blank\">Acta de l\u2019assemblea general del CCCV 2019<\/a><\/li>\n<li><a href=\"http:\/\/www.vallespir.cat\/wp-content\/uploads\/2019\/04\/bilan_financier_2018_et_provisionnel_2019.pdf\" target=\"_blank\">Bilan financier de l\u2019ann\u00e9e 2018<\/a><\/li>\n<li><a href=\"http:\/\/www.vallespir.cat\/wp-content\/uploads\/2018\/03\/assemblea_general_2018.pdf\" target=\"_blank\">Acta de l\u2019assemblea general del CCCV 2018<\/a><\/li>\n<li><a href=\"http:\/\/www.vallespir.cat\/wp-content\/uploads\/2012\/05\/assemblea_17.pdf\">Acta de l&#8217;assemblea general del gener de 2017<\/a><\/li>\n<li><a href=\"http:\/\/www.vallespir.cat\/wp-content\/uploads\/2012\/05\/bilan_2016.pdf\">Comptes del 2016<\/a><\/li>\n<li><a href=\"http:\/\/www.vallespir.cat\/wp-content\/uploads\/2012\/05\/prev_2017.pdf\">Pressupost provisional de 2017<\/a><\/li>\n<li><a href=\"http:\/\/www.vallespir.cat\/wp-content\/uploads\/2015\/04\/festes_2015.pdf\">Festes 2015 al Vallespir<\/a><\/li>\n<li><a href=\"http:\/\/www.vallespir.cat\/wp-content\/uploads\/2013\/12\/projecte_activitats_2014.pdf\">Projecte d&#8217;activitats CCCV 2014<\/a><\/li>\n<li><a href=\"http:\/\/www.vallespir.cat\/wp-content\/uploads\/2013\/12\/memoria_activitats_cccv_2013.pdf\">Mem\u00f2ria Activitats CCCV 2013<\/a><\/li>\n<li><a href=\"http:\/\/www.c3k.cat\/ainesnoves\/documents\/Aines_diptic-1.pdf\" target=\"_blank\">A\u00efnes Noves n\u00fam 3 (2011)<\/a><\/li>\n<li><a href=\"http:\/\/www.vallespir.cat\/pdf\/m2011.pdf\" target=\"_blank\">Resum de la mem\u00f2ria d&#8217;activitats culturals (2011)<\/a><\/li>\n<li><a href=\"http:\/\/www.vallespir.cat\/anterior\/actualitats_festa_maig.htm\">Festa Major del Vallespir, maig de 2011<\/a><\/li>\n<li><a href=\"http:\/\/www.vallespir.cat\/anterior\/PDF\/pcet.pdf\">Pa\u00eds Prinineu Mediterr\u00e0nia (2010)<\/a><\/li>\n<li><a href=\"http:\/\/www.vallespir.cat\/pdf\/m2010.pdf\" target=\"_blank\">Resum de la mem\u00f2ria d&#8217;activitats culturals (2010)<\/a><\/li>\n<li><a href=\"http:\/\/www.vallespir.cat\/anterior\/PDF\/cccv_2009.pdf\">Resum de la mem\u00f2ria d&#8217;activitats culturals (2009)<\/a><\/li>\n<li><a href=\"http:\/\/www.c3k.cat\/ainesnoves\/documents\/Aines_diptic-2.pdf\">A\u00efnes Noves n\u00fam 2 (2008)<\/a><\/li>\n<li><a href=\"http:\/\/www.vallespir.cat\/anterior\/PDF\/Ambit_5.pdf\">\u00c0mbit 5 &#8211; situaci\u00f3 del catal\u00e0 a Cat-nord (2008)<\/a><\/li>\n<li><a href=\"http:\/\/www.vallespir.cat\/anterior\/actualitats_auques.htm\" target=\"_blank\">Auques de Sant Jordi i Palau dels Reis de Mallorca (2007)<\/a><\/li>\n<li><a href=\"http:\/\/www.vallespir.cat\/anterior\/actualitats_festi_intercomarcal_2008.htm\">II Festival Intercomarcal (2008)<\/a><\/li>\n<li><a href=\"http:\/\/www.vallespir.cat\/anterior\/PDF\/festivalintercomarcal01.pdf\">1er Festival Intercomarcal (2007)<\/a><\/li>\n<li><a href=\"http:\/\/www.c3k.cat\/ainesnoves\/documents\/Aines_diptic-1.pdf\">A\u00efnes Noves n\u00fam 1 (2007)<\/a><\/li>\n<li><a href=\"http:\/\/youtu.be\/I_TpbNOtSb8\">Opereta Catalana, Can\u00e7\u00f3 d&#8217;Amor i de Guerra (2006)<\/a><\/li>\n<\/ul>\n","protected":false},"excerpt":{"rendered":"<p>Acta de l\u2019assemblea general del CCCV 2025 Acta de l\u2019assemblea general del CCCV 2024 Acta de l\u2019assemblea general del CCCV 2023 Estatuts del CCCV Acta de l\u2019assemblea general del CCCV 2022 Acta de l\u2019assemblea general del CCCV 2021 Acta de l\u2019assemblea general del CCCV 2020 Acta de l\u2019assemblea general del CCCV 2019 Bilan financier de [&hellip;]<\/p>\n","protected":false},"author":1,"featured_media":0,"parent":0,"menu_order":0,"comment_status":"open","ping_status":"open","template":"","meta":{"footnotes":""},"class_list":["post-35","page","type-page","status-publish","hentry"],"_links":{"self":[{"href":"https:\/\/vallespir.cat\/index.php?rest_route=\/wp\/v2\/pages\/35","targetHints":{"allow":["GET"]}}],"collection":[{"href":"https:\/\/vallespir.cat\/index.php?rest_route=\/wp\/v2\/pages"}],"about":[{"href":"https:\/\/vallespir.cat\/index.php?rest_route=\/wp\/v2\/types\/page"}],"author":[{"embeddable":true,"href":"https:\/\/vallespir.cat\/index.php?rest_route=\/wp\/v2\/users\/1"}],"replies":[{"embeddable":true,"href":"https:\/\/vallespir.cat\/index.php?rest_route=%2Fwp%2Fv2%2Fcomments&post=35"}],"version-history":[{"count":19,"href":"https:\/\/vallespir.cat\/index.php?rest_route=\/wp\/v2\/pages\/35\/revisions"}],"predecessor-version":[{"id":635,"href":"https:\/\/vallespir.cat\/index.php?rest_route=\/wp\/v2\/pages\/35\/revisions\/635"}],"wp:attachment":[{"href":"https:\/\/vallespir.cat\/index.php?rest_route=%2Fwp%2Fv2%2Fmedia&parent=35"}],"curies":[{"name":"wp","href":"https:\/\/api.w.org\/{rel}","templated":true}]}}