{"id":37,"date":"2012-05-21T12:58:15","date_gmt":"2012-05-21T10:58:15","guid":{"rendered":"http:\/\/www.vallespir.cat\/?page_id=37"},"modified":"2014-01-21T09:58:06","modified_gmt":"2014-01-21T08:58:06","slug":"enllacos","status":"publish","type":"page","link":"https:\/\/vallespir.cat\/?page_id=37","title":{"rendered":"Enlla\u00e7os"},"content":{"rendered":"<p style=\"text-align: left;\" align=\"center\"><strong>Enlla\u00e7os amb Catalunya del Nord<\/strong><\/p>\n<ul>\n<li><a href=\"http:\/\/www.airenou.cat\">Aire Nou de Ba\u00f3 <\/a><\/li>\n<li><a href=\"http:\/\/www.gencat.cat\/relacions_exteriors\/oficines\/6_5_perpinya.htm\">Casa de la Generalitat\u00a0<\/a><\/li>\n<li><a href=\"http:\/\/www.arrels.net\/\">R\u00e0dio Arrels<\/a><\/li>\n<li><a href=\"http:\/\/c3k.cat\/encara%20i%20sempre\/encaraisempre.html\">Encara i sempre<\/a><\/li>\n<li><a href=\"http:\/\/www.llibreriacatalana.com\">Llibreria Catalana<\/a><\/li>\n<li><a href=\"http:\/\/c3k.cat\/)\">Portalcat<\/a><\/li>\n<li><a href=\"http:\/\/www.trabucaire.com\">Edicions Trabucaire<\/a><\/li>\n<li><a href=\"http:\/\/www.aplec.cat\/mildimonis\/\">Revista infantil Mil Dimonis<\/a><\/li>\n<li><a href=\"http:\/\/velatina.free.fr\/\">La vela llatina<\/a><\/li>\n<li><a href=\"http:\/\/www.musee-ceret.com\/\">Museu D&#8217;art Modern de Ceret<\/a><\/li>\n<li><a href=\"http:\/\/www.la-clau.net\/\">La Clau<\/a><\/li>\n<li><a href=\"http:\/\/www.bluesdepicolat.com\/\">Blues de Picolat<\/a><\/li>\n<li><a href=\"http:\/\/www.escoladecataladelvolo.cat\/\">Escola de Catal\u00e0 del Vol\u00f3<\/a><\/li>\n<\/ul>\n<p style=\"text-align: left;\" align=\"center\"><strong>Enlla\u00e7os amb Catalunya Principat<\/strong><\/p>\n<ul>\n<li><a href=\"http:\/\/www.ara.cat\/\">Ara<\/a><\/li>\n<li><a href=\"http:\/\/www.elpuntavui.cat\">Avui<\/a><\/li>\n<li><a href=\"http:\/\/www.lavenc.com\">L\u2019Aven\u00e7<\/a><\/li>\n<li><a href=\"http:\/\/www.ccc.cat\">Capital de la Cultura Catalana<\/a><\/li>\n<li><a href=\"http:\/\/www.tv3.cat\/ptvcatalunya\/tvcPrograma.jsp?seccio=tvcat&amp;idint=218222474\">Ca\u00e7ador de paraules<\/a><\/li>\n<li><a href=\"http:\/\/www.cronica.cat\/\">Cr\u00f2nica<\/a><\/li>\n<li><a href=\"http:\/\/www.cccc.cat\/\">Coordinadora de colles Castelleres de Catalunya<\/a><\/li>\n<li><a href=\"http:\/\/www.diccionari.cat\/\">Diccionari de l&#8217;Enciclop\u00e8dia Catalana<\/a><\/li>\n<li><a href=\"http:\/\/dcvb.iecat.net\/\">Diccionari catal\u00e0-valenci\u00e0-balear<\/a><\/li>\n<li><a href=\"http:\/\/www.ensdecomunicacio.cat\">Ens de Comunicaci\u00f3 Associativa<\/a><\/li>\n<li><a href=\"http:\/\/www.llull.cat\/catala\/home\/index.cfm\">Institut Ramon Llull<\/a><\/li>\n<li><a href=\"http:\/\/www.irmu.org\">Institut Ramon Muntaner<\/a><\/li>\n<li><a href=\"http:\/\/www.iec.cat\/activitats\/entrada.asp\">Institut d&#8217;Estudis Catalans<\/a><\/li>\n<li><a href=\"http:\/\/www.omnium.cat\/www\/omnium\/ca.html\">\u00d2mnium Cultural<\/a><\/li>\n<li><a href=\"http:\/\/www.auques.cat\/\">Paret de les Auques<\/a><\/li>\n<li><a href=\"http:\/\/www.elperiodico.cat\/ca\/\">El periodico en catal\u00e0<\/a><\/li>\n<li><a href=\"http:\/\/greip.uab.cat\/materials\/Parelles%20linguisties\/index.html\">Parelles Ling\u00fc\u00edstiques<\/a><\/li>\n<li><a href=\"https:\/\/www.plataforma-llengua.cat\/\">Plataforma per la llengua<\/a><\/li>\n<li><a href=\"http:\/\/www.raco.cat\">Rac\u00f3 &#8211; Biblioteca de Catalunya<\/a><\/li>\n<li><a href=\"http:\/\/www.sre.urv.es\/irmu\/recercat\">Recercat<\/a><\/li>\n<li><a href=\"http:\/\/www.termcat.cat\/\">Termat.cat<\/a><\/li>\n<li><a href=\"http:\/\/www.vilaweb.cat\">Vilaweb<\/a><\/li>\n<li><a href=\"http:\/\/www10.gencat.net\/pres_volull\/AppJava\">Voluntariat per la llengua<\/a><\/li>\n<li><a href=\"http:\/\/www.intercat.cat\/ca\/index.jsp\">Intercat<\/a><\/li>\n<li><a href=\"http:\/\/www10.gencat.cat\/casa_llengues\/AppJava\/ca\/index.jsp\">Linguam\u00f3n<\/a><\/li>\n<li><a href=\"http:\/\/www.icatfm.cat\/\">Icat-FM<\/a><\/li>\n<\/ul>\n<p style=\"text-align: left;\" align=\"center\"><strong>Enlla\u00e7os amb els Pa\u00efsos Catalans<\/strong><\/p>\n<ul>\n<li><a href=\"http:\/\/ca.wikipedia.org\/wiki\/Andorra\">Andorra<\/a><\/li>\n<li><a href=\"http:\/\/ca.wikipedia.org\/wiki\/Obra_Cultural_Balear\">Obla Cultural Balear<\/a><\/li>\n<li><a href=\"http:\/\/ca.wikipedia.org\/wiki\/Casal_Jaume_I\">Casals Jaume Primer<\/a><\/li>\n<li><a href=\"http:\/\/www.franjadeponent.cat\/\">Franja de Ponent<\/a><\/li>\n<li><a href=\"http:\/\/www.fiecweb.cat\/index01.php?posi=1\">Casals catalans d\u2019arreu del m\u00f3n<\/a><\/li>\n<li><a href=\"http:\/\/www.acpv.cat\/php\/index.php\">Acci\u00f3 Cultural del Pa\u00eds Valenci\u00e0<\/a><\/li>\n<li><a href=\"http:\/\/ca.wikipedia.org\/wiki\/L%27Alguer\">L\u2019Alguer<\/a><\/li>\n<li><a href=\"http:\/\/www.laportadoc.eu\/\">Occit\u00e0nia<\/a><\/li>\n<li><a href=\"http:\/\/www.eurominority.eu\/version\/eng\/projects-shop-buy.asp\">Eurominority<\/a><\/li>\n<li><a href=\"http:\/\/www.paisos-catalans.com\/\">Pa\u00efsos Catalans<\/a><\/li>\n<\/ul>\n","protected":false},"excerpt":{"rendered":"<p>Enlla\u00e7os amb Catalunya del Nord Aire Nou de Ba\u00f3 Casa de la Generalitat\u00a0 R\u00e0dio Arrels Encara i sempre Llibreria Catalana Portalcat Edicions Trabucaire Revista infantil Mil Dimonis La vela llatina Museu D&#8217;art Modern de Ceret La Clau Blues de Picolat Escola de Catal\u00e0 del Vol\u00f3 Enlla\u00e7os amb Catalunya Principat Ara Avui L\u2019Aven\u00e7 Capital de la [&hellip;]<\/p>\n","protected":false},"author":1,"featured_media":0,"parent":0,"menu_order":0,"comment_status":"open","ping_status":"open","template":"","meta":{"footnotes":""},"class_list":["post-37","page","type-page","status-publish","hentry"],"_links":{"self":[{"href":"https:\/\/vallespir.cat\/index.php?rest_route=\/wp\/v2\/pages\/37","targetHints":{"allow":["GET"]}}],"collection":[{"href":"https:\/\/vallespir.cat\/index.php?rest_route=\/wp\/v2\/pages"}],"about":[{"href":"https:\/\/vallespir.cat\/index.php?rest_route=\/wp\/v2\/types\/page"}],"author":[{"embeddable":true,"href":"https:\/\/vallespir.cat\/index.php?rest_route=\/wp\/v2\/users\/1"}],"replies":[{"embeddable":true,"href":"https:\/\/vallespir.cat\/index.php?rest_route=%2Fwp%2Fv2%2Fcomments&post=37"}],"version-history":[{"count":11,"href":"https:\/\/vallespir.cat\/index.php?rest_route=\/wp\/v2\/pages\/37\/revisions"}],"predecessor-version":[{"id":261,"href":"https:\/\/vallespir.cat\/index.php?rest_route=\/wp\/v2\/pages\/37\/revisions\/261"}],"wp:attachment":[{"href":"https:\/\/vallespir.cat\/index.php?rest_route=%2Fwp%2Fv2%2Fmedia&parent=37"}],"curies":[{"name":"wp","href":"https:\/\/api.w.org\/{rel}","templated":true}]}}